{"id":7377,"date":"2026-08-27T16:45:31","date_gmt":"2026-08-27T13:45:31","guid":{"rendered":"https:\/\/ddpublishings.com\/urun\/hazreti-adem-yasak-meyveyi-yedi\/"},"modified":"2026-08-27T16:45:58","modified_gmt":"2026-08-27T13:45:58","slug":"hazreti-adem-yasak-meyveyi-yedi","status":"publish","type":"product","link":"https:\/\/ddpublishings.com\/tr\/urun\/hazreti-adem-yasak-meyveyi-yedi\/","title":{"rendered":"Hazreti \u00c2dem Yasak Meyveyi Yedi: Cezas\u0131n\u0131 Ben mi \u00c7ekiyorum? \u2013 T\u00fcrk\u00e7e Bask\u0131"},"content":{"rendered":"<p>Avukat-yazar <strong data-start=\"6510\" data-end=\"6529\">Abdurrahim Dede<\/strong>, <em data-start=\"6531\" data-end=\"6592\">Hazreti \u00c2dem Yasak Meyveyi Yedi: Cezas\u0131n\u0131 Ben mi \u00c7ekiyorum?<\/em> adl\u0131 eserinde insanl\u0131\u011f\u0131n en eski anlat\u0131lar\u0131ndan birine hukuk\u00e7u g\u00f6z\u00fcyle yakla\u015farak sars\u0131c\u0131 bir soru soruyor: Yasak meyveyi Hazreti \u00c2dem ve Hazreti Havva yediyse, onlar\u0131n soyundan gelen insanlar neden d\u00fcnyada? \u201cSu\u00e7 ve ceza \u015fahsidir\u201d ilkesinden hareket eden yazar, Kur\u2019an\u2019daki \u201cHi\u00e7bir g\u00fcnah y\u00fck\u00fcn\u00fc ta\u015f\u0131yan, ba\u015fkas\u0131n\u0131n g\u00fcnah\u0131n\u0131 y\u00fcklenmez\u201d \u00f6l\u00e7\u00fcs\u00fc ile \u00c2dem k\u0131ssas\u0131n\u0131 birlikte de\u011ferlendiriyor ve A\u2018r\u00e2f s\u00fbresindeki \u201cElest\u00fc bi-Rabbikum?\u201d hitab\u0131ndan hareketle insan\u0131n kendi sorumlulu\u011fu \u00fczerine d\u00fc\u015f\u00fcn\u00fcyor. Eser kesin h\u00fck\u00fcmler sunmak yerine ihtimaller, sorular ve ki\u015fisel tefekk\u00fcr \u00fczerinden ilerliyor. D\u00fcnyay\u0131 yaln\u0131zca bir ceza yeri olarak de\u011fil, insan\u0131n iradesiyle yeniden cevap verebildi\u011fi bir \u201cikinci \u015fans\u201d olarak d\u00fc\u015f\u00fcnmeye davet eden kitap; adalet, \u00f6zg\u00fcr irade, sorumluluk, t\u00f6vbe ve insan\u0131n Yarat\u0131c\u0131\u2019yla ili\u015fkisi \u00fczerine farkl\u0131 bir bak\u0131\u015f a\u00e7\u0131s\u0131 sunuyor.<\/p>\n","protected":false},"excerpt":{"rendered":"[dflip id=\"7244\" type=\"thumb\"][\/dflip]\n","protected":false},"featured_media":7295,"template":"","meta":{"_acf_changed":false},"product_cat":[192,210],"product_tag":[],"class_list":["post-7377","product","type-product","status-publish","has-post-thumbnail","product_cat-cok-satanlar","product_cat-turkce-yayinlar","pa_authors-abdurrahim-dede-tr","first","instock","sale","shipping-taxable","purchasable","product-type-variable","rey-swatches",""],"acf":[],"yoast_head":"<!-- This site is optimized with the Yoast SEO plugin v28.3 - https:\/\/yoast.com\/product\/yoast-seo-wordpress\/ -->\n<title>Hazreti \u00c2dem Yasak Meyveyi Yedi - Cezas\u0131n\u0131 Ben mi \u00c7ekiyorum?<\/title>\n<meta name=\"description\" content=\"Lawyer-writer Abdurrahim Dede, in Hazreti \u00c2dem Yasak Meyveyi Yedi: Cezas\u0131n\u0131 Ben mi \u00c7ekiyorum?, approaches one of humanity\u2019s oldest narratives through the...\" \/>\n<meta name=\"robots\" content=\"index, follow, max-snippet:-1, max-image-preview:large, max-video-preview:-1\" \/>\n<link rel=\"canonical\" href=\"https:\/\/ddpublishings.com\/tr\/urun\/hazreti-adem-yasak-meyveyi-yedi\/\" \/>\n<meta property=\"og:locale\" content=\"tr_TR\" \/>\n<meta property=\"og:type\" content=\"article\" \/>\n<meta property=\"og:title\" content=\"Hazreti \u00c2dem Yasak Meyveyi Yedi - Cezas\u0131n\u0131 Ben mi \u00c7ekiyorum?\" \/>\n<meta property=\"og:description\" content=\"Lawyer-writer Abdurrahim Dede, in Hazreti \u00c2dem Yasak Meyveyi Yedi: Cezas\u0131n\u0131 Ben mi \u00c7ekiyorum?, approaches one of humanity\u2019s oldest narratives through the...\" \/>\n<meta property=\"og:url\" content=\"https:\/\/ddpublishings.com\/tr\/urun\/hazreti-adem-yasak-meyveyi-yedi\/\" \/>\n<meta property=\"og:site_name\" content=\"ddpublishings\" \/>\n<meta property=\"article:modified_time\" content=\"2026-08-27T13:45:58+00:00\" \/>\n<meta property=\"og:image\" content=\"https:\/\/ddpublishings.com\/wp-content\/uploads\/2026\/08\/hz-adem-yasak-meyveyi-yedi-kapak.png\" \/>\n\t<meta property=\"og:image:width\" content=\"1086\" \/>\n\t<meta property=\"og:image:height\" content=\"1448\" \/>\n\t<meta property=\"og:image:type\" content=\"image\/png\" \/>\n<meta name=\"twitter:card\" content=\"summary_large_image\" \/>\n<meta name=\"twitter:label1\" content=\"Tahmini okuma s\u00fcresi\" \/>\n\t<meta name=\"twitter:data1\" content=\"1 dakika\" \/>\n<script type=\"application\/ld+json\" class=\"yoast-schema-graph\">{\"@context\":\"https:\\\/\\\/schema.org\",\"@graph\":[{\"@type\":\"WebPage\",\"@id\":\"https:\\\/\\\/ddpublishings.com\\\/tr\\\/urun\\\/hazreti-adem-yasak-meyveyi-yedi\\\/\",\"url\":\"https:\\\/\\\/ddpublishings.com\\\/tr\\\/urun\\\/hazreti-adem-yasak-meyveyi-yedi\\\/\",\"name\":\"Hazreti \u00c2dem Yasak Meyveyi Yedi - Cezas\u0131n\u0131 Ben mi \u00c7ekiyorum?\",\"isPartOf\":{\"@id\":\"https:\\\/\\\/ddpublishings.com\\\/tr\\\/#website\"},\"primaryImageOfPage\":{\"@id\":\"https:\\\/\\\/ddpublishings.com\\\/tr\\\/urun\\\/hazreti-adem-yasak-meyveyi-yedi\\\/#primaryimage\"},\"image\":{\"@id\":\"https:\\\/\\\/ddpublishings.com\\\/tr\\\/urun\\\/hazreti-adem-yasak-meyveyi-yedi\\\/#primaryimage\"},\"thumbnailUrl\":\"https:\\\/\\\/ddpublishings.com\\\/wp-content\\\/uploads\\\/2026\\\/08\\\/hz-adem-yasak-meyveyi-yedi-kapak.png\",\"datePublished\":\"2026-08-27T13:45:31+00:00\",\"dateModified\":\"2026-08-27T13:45:58+00:00\",\"description\":\"Lawyer-writer Abdurrahim Dede, in Hazreti \u00c2dem Yasak Meyveyi Yedi: Cezas\u0131n\u0131 Ben mi \u00c7ekiyorum?, approaches one of humanity\u2019s oldest narratives through the...\",\"breadcrumb\":{\"@id\":\"https:\\\/\\\/ddpublishings.com\\\/tr\\\/urun\\\/hazreti-adem-yasak-meyveyi-yedi\\\/#breadcrumb\"},\"inLanguage\":\"tr\",\"potentialAction\":[{\"@type\":\"ReadAction\",\"target\":[\"https:\\\/\\\/ddpublishings.com\\\/tr\\\/urun\\\/hazreti-adem-yasak-meyveyi-yedi\\\/\"]}]},{\"@type\":\"ImageObject\",\"inLanguage\":\"tr\",\"@id\":\"https:\\\/\\\/ddpublishings.com\\\/tr\\\/urun\\\/hazreti-adem-yasak-meyveyi-yedi\\\/#primaryimage\",\"url\":\"https:\\\/\\\/ddpublishings.com\\\/wp-content\\\/uploads\\\/2026\\\/08\\\/hz-adem-yasak-meyveyi-yedi-kapak.png\",\"contentUrl\":\"https:\\\/\\\/ddpublishings.com\\\/wp-content\\\/uploads\\\/2026\\\/08\\\/hz-adem-yasak-meyveyi-yedi-kapak.png\",\"width\":1086,\"height\":1448},{\"@type\":\"BreadcrumbList\",\"@id\":\"https:\\\/\\\/ddpublishings.com\\\/tr\\\/urun\\\/hazreti-adem-yasak-meyveyi-yedi\\\/#breadcrumb\",\"itemListElement\":[{\"@type\":\"ListItem\",\"position\":1,\"name\":\"Home\",\"item\":\"https:\\\/\\\/ddpublishings.com\\\/tr\\\/\"},{\"@type\":\"ListItem\",\"position\":2,\"name\":\"Kitaplar\",\"item\":\"https:\\\/\\\/ddpublishings.com\\\/tr\\\/kitaplar\\\/\"},{\"@type\":\"ListItem\",\"position\":3,\"name\":\"Hazreti \u00c2dem Yasak Meyveyi Yedi: Cezas\u0131n\u0131 Ben mi \u00c7ekiyorum? \u2013 T\u00fcrk\u00e7e Bask\u0131\"}]},{\"@type\":\"WebSite\",\"@id\":\"https:\\\/\\\/ddpublishings.com\\\/tr\\\/#website\",\"url\":\"https:\\\/\\\/ddpublishings.com\\\/tr\\\/\",\"name\":\"ddpublishings\",\"description\":\"\",\"publisher\":{\"@id\":\"https:\\\/\\\/ddpublishings.com\\\/tr\\\/#organization\"},\"potentialAction\":[{\"@type\":\"SearchAction\",\"target\":{\"@type\":\"EntryPoint\",\"urlTemplate\":\"https:\\\/\\\/ddpublishings.com\\\/tr\\\/?s={search_term_string}\"},\"query-input\":{\"@type\":\"PropertyValueSpecification\",\"valueRequired\":true,\"valueName\":\"search_term_string\"}}],\"inLanguage\":\"tr\"},{\"@type\":\"Organization\",\"@id\":\"https:\\\/\\\/ddpublishings.com\\\/tr\\\/#organization\",\"name\":\"ddpublishings\",\"url\":\"https:\\\/\\\/ddpublishings.com\\\/tr\\\/\",\"logo\":{\"@type\":\"ImageObject\",\"inLanguage\":\"tr\",\"@id\":\"https:\\\/\\\/ddpublishings.com\\\/tr\\\/#\\\/schema\\\/logo\\\/image\\\/\",\"url\":\"https:\\\/\\\/ddpublishings.com\\\/wp-content\\\/uploads\\\/2025\\\/07\\\/dd-publishing-logo-black.svg\",\"contentUrl\":\"https:\\\/\\\/ddpublishings.com\\\/wp-content\\\/uploads\\\/2025\\\/07\\\/dd-publishing-logo-black.svg\",\"width\":561,\"height\":454,\"caption\":\"ddpublishings\"},\"image\":{\"@id\":\"https:\\\/\\\/ddpublishings.com\\\/tr\\\/#\\\/schema\\\/logo\\\/image\\\/\"}}]}<\/script>\n<!-- \/ Yoast SEO plugin. -->","yoast_head_json":{"title":"Hazreti \u00c2dem Yasak Meyveyi Yedi - Cezas\u0131n\u0131 Ben mi \u00c7ekiyorum?","description":"Lawyer-writer Abdurrahim Dede, in Hazreti \u00c2dem Yasak Meyveyi Yedi: Cezas\u0131n\u0131 Ben mi \u00c7ekiyorum?, approaches one of humanity\u2019s oldest narratives through the...","robots":{"index":"index","follow":"follow","max-snippet":"max-snippet:-1","max-image-preview":"max-image-preview:large","max-video-preview":"max-video-preview:-1"},"canonical":"https:\/\/ddpublishings.com\/tr\/urun\/hazreti-adem-yasak-meyveyi-yedi\/","og_locale":"tr_TR","og_type":"article","og_title":"Hazreti \u00c2dem Yasak Meyveyi Yedi - Cezas\u0131n\u0131 Ben mi \u00c7ekiyorum?","og_description":"Lawyer-writer Abdurrahim Dede, in Hazreti \u00c2dem Yasak Meyveyi Yedi: Cezas\u0131n\u0131 Ben mi \u00c7ekiyorum?, approaches one of humanity\u2019s oldest narratives through the...","og_url":"https:\/\/ddpublishings.com\/tr\/urun\/hazreti-adem-yasak-meyveyi-yedi\/","og_site_name":"ddpublishings","article_modified_time":"2026-08-27T13:45:58+00:00","og_image":[{"width":1086,"height":1448,"url":"https:\/\/ddpublishings.com\/wp-content\/uploads\/2026\/08\/hz-adem-yasak-meyveyi-yedi-kapak.png","type":"image\/png"}],"twitter_card":"summary_large_image","twitter_misc":{"Tahmini okuma s\u00fcresi":"1 dakika"},"schema":{"@context":"https:\/\/schema.org","@graph":[{"@type":"WebPage","@id":"https:\/\/ddpublishings.com\/tr\/urun\/hazreti-adem-yasak-meyveyi-yedi\/","url":"https:\/\/ddpublishings.com\/tr\/urun\/hazreti-adem-yasak-meyveyi-yedi\/","name":"Hazreti \u00c2dem Yasak Meyveyi Yedi - Cezas\u0131n\u0131 Ben mi \u00c7ekiyorum?","isPartOf":{"@id":"https:\/\/ddpublishings.com\/tr\/#website"},"primaryImageOfPage":{"@id":"https:\/\/ddpublishings.com\/tr\/urun\/hazreti-adem-yasak-meyveyi-yedi\/#primaryimage"},"image":{"@id":"https:\/\/ddpublishings.com\/tr\/urun\/hazreti-adem-yasak-meyveyi-yedi\/#primaryimage"},"thumbnailUrl":"https:\/\/ddpublishings.com\/wp-content\/uploads\/2026\/08\/hz-adem-yasak-meyveyi-yedi-kapak.png","datePublished":"2026-08-27T13:45:31+00:00","dateModified":"2026-08-27T13:45:58+00:00","description":"Lawyer-writer Abdurrahim Dede, in Hazreti \u00c2dem Yasak Meyveyi Yedi: Cezas\u0131n\u0131 Ben mi \u00c7ekiyorum?, approaches one of humanity\u2019s oldest narratives through the...","breadcrumb":{"@id":"https:\/\/ddpublishings.com\/tr\/urun\/hazreti-adem-yasak-meyveyi-yedi\/#breadcrumb"},"inLanguage":"tr","potentialAction":[{"@type":"ReadAction","target":["https:\/\/ddpublishings.com\/tr\/urun\/hazreti-adem-yasak-meyveyi-yedi\/"]}]},{"@type":"ImageObject","inLanguage":"tr","@id":"https:\/\/ddpublishings.com\/tr\/urun\/hazreti-adem-yasak-meyveyi-yedi\/#primaryimage","url":"https:\/\/ddpublishings.com\/wp-content\/uploads\/2026\/08\/hz-adem-yasak-meyveyi-yedi-kapak.png","contentUrl":"https:\/\/ddpublishings.com\/wp-content\/uploads\/2026\/08\/hz-adem-yasak-meyveyi-yedi-kapak.png","width":1086,"height":1448},{"@type":"BreadcrumbList","@id":"https:\/\/ddpublishings.com\/tr\/urun\/hazreti-adem-yasak-meyveyi-yedi\/#breadcrumb","itemListElement":[{"@type":"ListItem","position":1,"name":"Home","item":"https:\/\/ddpublishings.com\/tr\/"},{"@type":"ListItem","position":2,"name":"Kitaplar","item":"https:\/\/ddpublishings.com\/tr\/kitaplar\/"},{"@type":"ListItem","position":3,"name":"Hazreti \u00c2dem Yasak Meyveyi Yedi: Cezas\u0131n\u0131 Ben mi \u00c7ekiyorum? \u2013 T\u00fcrk\u00e7e Bask\u0131"}]},{"@type":"WebSite","@id":"https:\/\/ddpublishings.com\/tr\/#website","url":"https:\/\/ddpublishings.com\/tr\/","name":"ddpublishings","description":"","publisher":{"@id":"https:\/\/ddpublishings.com\/tr\/#organization"},"potentialAction":[{"@type":"SearchAction","target":{"@type":"EntryPoint","urlTemplate":"https:\/\/ddpublishings.com\/tr\/?s={search_term_string}"},"query-input":{"@type":"PropertyValueSpecification","valueRequired":true,"valueName":"search_term_string"}}],"inLanguage":"tr"},{"@type":"Organization","@id":"https:\/\/ddpublishings.com\/tr\/#organization","name":"ddpublishings","url":"https:\/\/ddpublishings.com\/tr\/","logo":{"@type":"ImageObject","inLanguage":"tr","@id":"https:\/\/ddpublishings.com\/tr\/#\/schema\/logo\/image\/","url":"https:\/\/ddpublishings.com\/wp-content\/uploads\/2025\/07\/dd-publishing-logo-black.svg","contentUrl":"https:\/\/ddpublishings.com\/wp-content\/uploads\/2025\/07\/dd-publishing-logo-black.svg","width":561,"height":454,"caption":"ddpublishings"},"image":{"@id":"https:\/\/ddpublishings.com\/tr\/#\/schema\/logo\/image\/"}}]}},"_links":{"self":[{"href":"https:\/\/ddpublishings.com\/tr\/wp-json\/wp\/v2\/product\/7377","targetHints":{"allow":["GET"]}}],"collection":[{"href":"https:\/\/ddpublishings.com\/tr\/wp-json\/wp\/v2\/product"}],"about":[{"href":"https:\/\/ddpublishings.com\/tr\/wp-json\/wp\/v2\/types\/product"}],"wp:featuredmedia":[{"embeddable":true,"href":"https:\/\/ddpublishings.com\/tr\/wp-json\/wp\/v2\/media\/7295"}],"wp:attachment":[{"href":"https:\/\/ddpublishings.com\/tr\/wp-json\/wp\/v2\/media?parent=7377"}],"wp:term":[{"taxonomy":"product_cat","embeddable":true,"href":"https:\/\/ddpublishings.com\/tr\/wp-json\/wp\/v2\/product_cat?post=7377"},{"taxonomy":"product_tag","embeddable":true,"href":"https:\/\/ddpublishings.com\/tr\/wp-json\/wp\/v2\/product_tag?post=7377"}],"curies":[{"name":"wp","href":"https:\/\/api.w.org\/{rel}","templated":true}]}}